{"id":2976,"date":"2023-09-22T13:57:03","date_gmt":"2023-09-22T11:57:03","guid":{"rendered":"http:\/\/www.cdvoile06.fr\/?page_id=2976"},"modified":"2026-03-03T14:07:53","modified_gmt":"2026-03-03T13:07:53","slug":"stage-100-feminin","status":"publish","type":"page","link":"https:\/\/www.cdvoile06.fr\/index.php\/stage-100-feminin\/","title":{"rendered":"STAGE 100% F\u00c9MININ"},"content":{"rendered":"\n<figure class=\"wp-block-gallery has-nested-images columns-default is-cropped wp-block-gallery-1 is-layout-flex wp-block-gallery-is-layout-flex\">\n<figure class=\"wp-block-image aligncenter size-full\"><img loading=\"lazy\" decoding=\"async\" width=\"2000\" height=\"1414\" data-id=\"4195\" src=\"https:\/\/www.cdvoile06.fr\/wp-content\/uploads\/2026\/02\/Stage-100_-feminin-mai-2026.png\" alt=\"\" class=\"wp-image-4195\" srcset=\"https:\/\/www.cdvoile06.fr\/wp-content\/uploads\/2026\/02\/Stage-100_-feminin-mai-2026.png 2000w, https:\/\/www.cdvoile06.fr\/wp-content\/uploads\/2026\/02\/Stage-100_-feminin-mai-2026-300x212.png 300w, https:\/\/www.cdvoile06.fr\/wp-content\/uploads\/2026\/02\/Stage-100_-feminin-mai-2026-1024x724.png 1024w, https:\/\/www.cdvoile06.fr\/wp-content\/uploads\/2026\/02\/Stage-100_-feminin-mai-2026-150x106.png 150w, https:\/\/www.cdvoile06.fr\/wp-content\/uploads\/2026\/02\/Stage-100_-feminin-mai-2026-768x543.png 768w, https:\/\/www.cdvoile06.fr\/wp-content\/uploads\/2026\/02\/Stage-100_-feminin-mai-2026-1536x1086.png 1536w\" sizes=\"auto, (max-width: 2000px) 100vw, 2000px\" \/><\/figure>\n<\/figure>\n\n\n\n<div style=\"height:100px\" aria-hidden=\"true\" class=\"wp-block-spacer\"><\/div>\n\n\n\n<p><strong>Dates :<\/strong> samedi 23 et dimanche 24 mai 2026<\/p>\n\n\n\n<p><strong>Bateaux utilis\u00e9s&nbsp;:<\/strong>&nbsp;6 voiliers B\u00e9n\u00e9teau 7.5<\/p>\n\n\n\n<p><strong>Lieu :<\/strong>&nbsp;Antibes \u2013 CREPS PACA site d&rsquo;Antibes&nbsp;<\/p>\n\n\n\n<p><strong>Horaires&nbsp;:<\/strong>&nbsp;de 10h \u00e0 17h<\/p>\n\n\n\n<p><strong>Inscriptions<\/strong>&nbsp;: <a href=\"https:\/\/www.helloasso.com\/associations\/comite-departemental-de-voile-des-alpes-maritimes\/evenements\/stage-d-entrainement-a-la-navigation-100-feminin-mai-2026\" target=\"_blank\" rel=\"noreferrer noopener\">cliquez ici<\/a><\/p>\n\n\n\n<p><strong>Date limite d&rsquo;inscription :<\/strong> 15 mai<\/p>\n\n\n\n<p><strong>Conditions de participation<\/strong>&nbsp;:&nbsp;\u00e2g\u00e9es de 16 ans et +, quel que soit son niveau de pratique. Aucune navigatrice ne sera embarqu\u00e9e en absence de licence FFV ou du Passeport Voile. Places limit\u00e9es \u00e0 30 personnes.<\/p>\n\n\n\n<p><strong>Tarifs :<\/strong> 80 \u20ac par personne<\/p>\n\n\n\n<p><\/p>\n\n\n\n<div style=\"height:100px\" aria-hidden=\"true\" class=\"wp-block-spacer\"><\/div>\n\n\n\n<p><em><strong>CONDITIONS&nbsp;<\/strong><\/em><strong><em>D\u2019ANNULATIONS ET REMBOURSEMENTS :<\/em><\/strong><\/p>\n\n\n\n<p><em>Annulation par le CDV :<\/em><br>\u2022 pour des raisons internes : remboursement ou avoir valable pour l\u2019ann\u00e9e en cours et le 1er semestre de l\u2019ann\u00e9e suivante ;<br>\u2022 par d\u00e9cision exclusive du Responsable Technique Qualifi\u00e9 en raison d\u2019une m\u00e9t\u00e9o d\u00e9favorable : avoir valable pour l\u2019ann\u00e9e en cours et le 1er semestre de l\u2019ann\u00e9e suivante ;<br>\u2022 si le nombre de participantes inscrites est inf\u00e9rieur \u00e0 12, le CD Voile 06 vous informera de l\u2019annulation du stage d\u2019entra\u00eenement : remboursement ou avoir valable pour l\u2019ann\u00e9e en cours et le 1er semestre de l\u2019ann\u00e9e suivante.<\/p>\n\n\n\n<p><em>Annulation par la pratiquante :<\/em><br>\u2022 \u2013 de 7 jours avant : aucun avoir ou remboursement ;<br>\u2022 + de 7 jours avant : avoir valable pour l\u2019ann\u00e9e en cours et le 1er semestre de l\u2019ann\u00e9e suivante.<\/p>\n","protected":false},"excerpt":{"rendered":"<p>Dates : samedi 23 et dimanche 24 mai 2026 Bateaux utilis\u00e9s&nbsp;:&nbsp;6 voiliers B\u00e9n\u00e9teau 7.5 Lieu :&nbsp;Antibes \u2013 CREPS PACA site<\/p>\n","protected":false},"author":1,"featured_media":0,"parent":0,"menu_order":0,"comment_status":"closed","ping_status":"closed","template":"","meta":{"colormag_page_container_layout":"default_layout","colormag_page_sidebar_layout":"default_layout","jetpack_post_was_ever_published":false,"footnotes":""},"class_list":["post-2976","page","type-page","status-publish","hentry"],"yoast_head":"<!-- This site is optimized with the Yoast SEO plugin v27.5 - https:\/\/yoast.com\/product\/yoast-seo-wordpress\/ -->\n<title>STAGE 100% F\u00c9MININ - Comit\u00e9 d\u00e9partemental de voile 06<\/title>\n<meta name=\"robots\" content=\"index, follow, max-snippet:-1, max-image-preview:large, max-video-preview:-1\" \/>\n<link rel=\"canonical\" href=\"https:\/\/www.cdvoile06.fr\/index.php\/stage-100-feminin\/\" \/>\n<meta property=\"og:locale\" content=\"fr_FR\" \/>\n<meta property=\"og:type\" content=\"article\" \/>\n<meta property=\"og:title\" content=\"STAGE 100% F\u00c9MININ - Comit\u00e9 d\u00e9partemental de voile 06\" \/>\n<meta property=\"og:description\" content=\"Dates : samedi 23 et dimanche 24 mai 2026 Bateaux utilis\u00e9s&nbsp;:&nbsp;6 voiliers B\u00e9n\u00e9teau 7.5 Lieu :&nbsp;Antibes \u2013 CREPS PACA site\" \/>\n<meta property=\"og:url\" content=\"https:\/\/www.cdvoile06.fr\/index.php\/stage-100-feminin\/\" \/>\n<meta property=\"og:site_name\" content=\"Comit\u00e9 d\u00e9partemental de voile 06\" \/>\n<meta property=\"article:publisher\" content=\"https:\/\/www.facebook.com\/cdvoile06\" \/>\n<meta property=\"article:modified_time\" content=\"2026-03-03T13:07:53+00:00\" \/>\n<meta property=\"og:image\" content=\"https:\/\/www.cdvoile06.fr\/wp-content\/uploads\/2026\/02\/Stage-100_-feminin-mai-2026.png\" \/>\n\t<meta property=\"og:image:width\" content=\"2000\" \/>\n\t<meta property=\"og:image:height\" content=\"1414\" \/>\n\t<meta property=\"og:image:type\" content=\"image\/png\" \/>\n<meta name=\"twitter:card\" content=\"summary_large_image\" \/>\n<meta name=\"twitter:label1\" content=\"Dur\u00e9e de lecture estim\u00e9e\" \/>\n\t<meta name=\"twitter:data1\" content=\"2 minutes\" \/>\n<script type=\"application\/ld+json\" class=\"yoast-schema-graph\">{\"@context\":\"https:\\\/\\\/schema.org\",\"@graph\":[{\"@type\":\"WebPage\",\"@id\":\"https:\\\/\\\/www.cdvoile06.fr\\\/index.php\\\/stage-100-feminin\\\/\",\"url\":\"https:\\\/\\\/www.cdvoile06.fr\\\/index.php\\\/stage-100-feminin\\\/\",\"name\":\"STAGE 100% F\u00c9MININ - Comit\u00e9 d\u00e9partemental de voile 06\",\"isPartOf\":{\"@id\":\"https:\\\/\\\/www.cdvoile06.fr\\\/#website\"},\"primaryImageOfPage\":{\"@id\":\"https:\\\/\\\/www.cdvoile06.fr\\\/index.php\\\/stage-100-feminin\\\/#primaryimage\"},\"image\":{\"@id\":\"https:\\\/\\\/www.cdvoile06.fr\\\/index.php\\\/stage-100-feminin\\\/#primaryimage\"},\"thumbnailUrl\":\"https:\\\/\\\/www.cdvoile06.fr\\\/wp-content\\\/uploads\\\/2026\\\/02\\\/Stage-100_-feminin-mai-2026.png\",\"datePublished\":\"2023-09-22T11:57:03+00:00\",\"dateModified\":\"2026-03-03T13:07:53+00:00\",\"breadcrumb\":{\"@id\":\"https:\\\/\\\/www.cdvoile06.fr\\\/index.php\\\/stage-100-feminin\\\/#breadcrumb\"},\"inLanguage\":\"fr-FR\",\"potentialAction\":[{\"@type\":\"ReadAction\",\"target\":[\"https:\\\/\\\/www.cdvoile06.fr\\\/index.php\\\/stage-100-feminin\\\/\"]}]},{\"@type\":\"ImageObject\",\"inLanguage\":\"fr-FR\",\"@id\":\"https:\\\/\\\/www.cdvoile06.fr\\\/index.php\\\/stage-100-feminin\\\/#primaryimage\",\"url\":\"https:\\\/\\\/www.cdvoile06.fr\\\/wp-content\\\/uploads\\\/2026\\\/02\\\/Stage-100_-feminin-mai-2026.png\",\"contentUrl\":\"https:\\\/\\\/www.cdvoile06.fr\\\/wp-content\\\/uploads\\\/2026\\\/02\\\/Stage-100_-feminin-mai-2026.png\",\"width\":2000,\"height\":1414},{\"@type\":\"BreadcrumbList\",\"@id\":\"https:\\\/\\\/www.cdvoile06.fr\\\/index.php\\\/stage-100-feminin\\\/#breadcrumb\",\"itemListElement\":[{\"@type\":\"ListItem\",\"position\":1,\"name\":\"Accueil\",\"item\":\"https:\\\/\\\/www.cdvoile06.fr\\\/\"},{\"@type\":\"ListItem\",\"position\":2,\"name\":\"STAGE 100% F\u00c9MININ\"}]},{\"@type\":\"WebSite\",\"@id\":\"https:\\\/\\\/www.cdvoile06.fr\\\/#website\",\"url\":\"https:\\\/\\\/www.cdvoile06.fr\\\/\",\"name\":\"Comit\u00e9 d\u00e9partemental de voile 06\",\"description\":\"Organe d\u00e9concentr\u00e9 de la F\u00e9d\u00e9ration Fran\u00e7aise de Voile\",\"publisher\":{\"@id\":\"https:\\\/\\\/www.cdvoile06.fr\\\/#organization\"},\"potentialAction\":[{\"@type\":\"SearchAction\",\"target\":{\"@type\":\"EntryPoint\",\"urlTemplate\":\"https:\\\/\\\/www.cdvoile06.fr\\\/?s={search_term_string}\"},\"query-input\":{\"@type\":\"PropertyValueSpecification\",\"valueRequired\":true,\"valueName\":\"search_term_string\"}}],\"inLanguage\":\"fr-FR\"},{\"@type\":\"Organization\",\"@id\":\"https:\\\/\\\/www.cdvoile06.fr\\\/#organization\",\"name\":\"Comit\u00e9 d\u00e9partemental de voile 06\",\"url\":\"https:\\\/\\\/www.cdvoile06.fr\\\/\",\"logo\":{\"@type\":\"ImageObject\",\"inLanguage\":\"fr-FR\",\"@id\":\"https:\\\/\\\/www.cdvoile06.fr\\\/#\\\/schema\\\/logo\\\/image\\\/\",\"url\":\"http:\\\/\\\/www.cdvoile06.fr\\\/wp-content\\\/uploads\\\/2020\\\/10\\\/cropped-logo150x150.png\",\"contentUrl\":\"http:\\\/\\\/www.cdvoile06.fr\\\/wp-content\\\/uploads\\\/2020\\\/10\\\/cropped-logo150x150.png\",\"width\":150,\"height\":150,\"caption\":\"Comit\u00e9 d\u00e9partemental de voile 06\"},\"image\":{\"@id\":\"https:\\\/\\\/www.cdvoile06.fr\\\/#\\\/schema\\\/logo\\\/image\\\/\"},\"sameAs\":[\"https:\\\/\\\/www.facebook.com\\\/cdvoile06\",\"https:\\\/\\\/www.instagram.com\\\/cdvoile06\\\/\"]}]}<\/script>\n<!-- \/ Yoast SEO plugin. -->","yoast_head_json":{"title":"STAGE 100% F\u00c9MININ - Comit\u00e9 d\u00e9partemental de voile 06","robots":{"index":"index","follow":"follow","max-snippet":"max-snippet:-1","max-image-preview":"max-image-preview:large","max-video-preview":"max-video-preview:-1"},"canonical":"https:\/\/www.cdvoile06.fr\/index.php\/stage-100-feminin\/","og_locale":"fr_FR","og_type":"article","og_title":"STAGE 100% F\u00c9MININ - Comit\u00e9 d\u00e9partemental de voile 06","og_description":"Dates : samedi 23 et dimanche 24 mai 2026 Bateaux utilis\u00e9s&nbsp;:&nbsp;6 voiliers B\u00e9n\u00e9teau 7.5 Lieu :&nbsp;Antibes \u2013 CREPS PACA site","og_url":"https:\/\/www.cdvoile06.fr\/index.php\/stage-100-feminin\/","og_site_name":"Comit\u00e9 d\u00e9partemental de voile 06","article_publisher":"https:\/\/www.facebook.com\/cdvoile06","article_modified_time":"2026-03-03T13:07:53+00:00","og_image":[{"width":2000,"height":1414,"url":"https:\/\/www.cdvoile06.fr\/wp-content\/uploads\/2026\/02\/Stage-100_-feminin-mai-2026.png","type":"image\/png"}],"twitter_card":"summary_large_image","twitter_misc":{"Dur\u00e9e de lecture estim\u00e9e":"2 minutes"},"schema":{"@context":"https:\/\/schema.org","@graph":[{"@type":"WebPage","@id":"https:\/\/www.cdvoile06.fr\/index.php\/stage-100-feminin\/","url":"https:\/\/www.cdvoile06.fr\/index.php\/stage-100-feminin\/","name":"STAGE 100% F\u00c9MININ - Comit\u00e9 d\u00e9partemental de voile 06","isPartOf":{"@id":"https:\/\/www.cdvoile06.fr\/#website"},"primaryImageOfPage":{"@id":"https:\/\/www.cdvoile06.fr\/index.php\/stage-100-feminin\/#primaryimage"},"image":{"@id":"https:\/\/www.cdvoile06.fr\/index.php\/stage-100-feminin\/#primaryimage"},"thumbnailUrl":"https:\/\/www.cdvoile06.fr\/wp-content\/uploads\/2026\/02\/Stage-100_-feminin-mai-2026.png","datePublished":"2023-09-22T11:57:03+00:00","dateModified":"2026-03-03T13:07:53+00:00","breadcrumb":{"@id":"https:\/\/www.cdvoile06.fr\/index.php\/stage-100-feminin\/#breadcrumb"},"inLanguage":"fr-FR","potentialAction":[{"@type":"ReadAction","target":["https:\/\/www.cdvoile06.fr\/index.php\/stage-100-feminin\/"]}]},{"@type":"ImageObject","inLanguage":"fr-FR","@id":"https:\/\/www.cdvoile06.fr\/index.php\/stage-100-feminin\/#primaryimage","url":"https:\/\/www.cdvoile06.fr\/wp-content\/uploads\/2026\/02\/Stage-100_-feminin-mai-2026.png","contentUrl":"https:\/\/www.cdvoile06.fr\/wp-content\/uploads\/2026\/02\/Stage-100_-feminin-mai-2026.png","width":2000,"height":1414},{"@type":"BreadcrumbList","@id":"https:\/\/www.cdvoile06.fr\/index.php\/stage-100-feminin\/#breadcrumb","itemListElement":[{"@type":"ListItem","position":1,"name":"Accueil","item":"https:\/\/www.cdvoile06.fr\/"},{"@type":"ListItem","position":2,"name":"STAGE 100% F\u00c9MININ"}]},{"@type":"WebSite","@id":"https:\/\/www.cdvoile06.fr\/#website","url":"https:\/\/www.cdvoile06.fr\/","name":"Comit\u00e9 d\u00e9partemental de voile 06","description":"Organe d\u00e9concentr\u00e9 de la F\u00e9d\u00e9ration Fran\u00e7aise de Voile","publisher":{"@id":"https:\/\/www.cdvoile06.fr\/#organization"},"potentialAction":[{"@type":"SearchAction","target":{"@type":"EntryPoint","urlTemplate":"https:\/\/www.cdvoile06.fr\/?s={search_term_string}"},"query-input":{"@type":"PropertyValueSpecification","valueRequired":true,"valueName":"search_term_string"}}],"inLanguage":"fr-FR"},{"@type":"Organization","@id":"https:\/\/www.cdvoile06.fr\/#organization","name":"Comit\u00e9 d\u00e9partemental de voile 06","url":"https:\/\/www.cdvoile06.fr\/","logo":{"@type":"ImageObject","inLanguage":"fr-FR","@id":"https:\/\/www.cdvoile06.fr\/#\/schema\/logo\/image\/","url":"http:\/\/www.cdvoile06.fr\/wp-content\/uploads\/2020\/10\/cropped-logo150x150.png","contentUrl":"http:\/\/www.cdvoile06.fr\/wp-content\/uploads\/2020\/10\/cropped-logo150x150.png","width":150,"height":150,"caption":"Comit\u00e9 d\u00e9partemental de voile 06"},"image":{"@id":"https:\/\/www.cdvoile06.fr\/#\/schema\/logo\/image\/"},"sameAs":["https:\/\/www.facebook.com\/cdvoile06","https:\/\/www.instagram.com\/cdvoile06\/"]}]}},"jetpack_sharing_enabled":true,"jetpack_shortlink":"https:\/\/wp.me\/P9K6Ix-M0","_links":{"self":[{"href":"https:\/\/www.cdvoile06.fr\/index.php\/wp-json\/wp\/v2\/pages\/2976","targetHints":{"allow":["GET"]}}],"collection":[{"href":"https:\/\/www.cdvoile06.fr\/index.php\/wp-json\/wp\/v2\/pages"}],"about":[{"href":"https:\/\/www.cdvoile06.fr\/index.php\/wp-json\/wp\/v2\/types\/page"}],"author":[{"embeddable":true,"href":"https:\/\/www.cdvoile06.fr\/index.php\/wp-json\/wp\/v2\/users\/1"}],"replies":[{"embeddable":true,"href":"https:\/\/www.cdvoile06.fr\/index.php\/wp-json\/wp\/v2\/comments?post=2976"}],"version-history":[{"count":20,"href":"https:\/\/www.cdvoile06.fr\/index.php\/wp-json\/wp\/v2\/pages\/2976\/revisions"}],"predecessor-version":[{"id":4203,"href":"https:\/\/www.cdvoile06.fr\/index.php\/wp-json\/wp\/v2\/pages\/2976\/revisions\/4203"}],"wp:attachment":[{"href":"https:\/\/www.cdvoile06.fr\/index.php\/wp-json\/wp\/v2\/media?parent=2976"}],"curies":[{"name":"wp","href":"https:\/\/api.w.org\/{rel}","templated":true}]}}