{"id":1639,"date":"2019-11-18T09:42:59","date_gmt":"2019-11-18T08:42:59","guid":{"rendered":"http:\/\/www.cdvoile06.fr\/?page_id=1639"},"modified":"2026-02-19T10:06:43","modified_gmt":"2026-02-19T09:06:43","slug":"reservation-materiel","status":"publish","type":"page","link":"https:\/\/www.cdvoile06.fr\/index.php\/reservation-materiel\/","title":{"rendered":"R\u00c9SERVATION MAT\u00c9RIEL"},"content":{"rendered":"\n<div class=\"wp-block-columns is-layout-flex wp-container-core-columns-is-layout-28f84493 wp-block-columns-is-layout-flex\">\n<div class=\"wp-block-column is-layout-flow wp-block-column-is-layout-flow\">\n<figure class=\"wp-block-image size-full\"><img loading=\"lazy\" decoding=\"async\" width=\"1024\" height=\"768\" src=\"https:\/\/www.cdvoile06.fr\/wp-content\/uploads\/2023\/05\/IMG-20230427-WA0005.jpg\" alt=\"\" class=\"wp-image-2851\" srcset=\"https:\/\/www.cdvoile06.fr\/wp-content\/uploads\/2023\/05\/IMG-20230427-WA0005.jpg 1024w, https:\/\/www.cdvoile06.fr\/wp-content\/uploads\/2023\/05\/IMG-20230427-WA0005-300x225.jpg 300w, https:\/\/www.cdvoile06.fr\/wp-content\/uploads\/2023\/05\/IMG-20230427-WA0005-150x113.jpg 150w, https:\/\/www.cdvoile06.fr\/wp-content\/uploads\/2023\/05\/IMG-20230427-WA0005-768x576.jpg 768w\" sizes=\"auto, (max-width: 1024px) 100vw, 1024px\" \/><\/figure>\n<\/div>\n\n\n\n<div class=\"wp-block-column is-layout-flow wp-block-column-is-layout-flow\">\n<figure class=\"wp-block-image size-large\"><img loading=\"lazy\" decoding=\"async\" width=\"1024\" height=\"768\" src=\"https:\/\/www.cdvoile06.fr\/wp-content\/uploads\/2023\/08\/IMG-20230306-WA0002-1024x768.jpg\" alt=\"\" class=\"wp-image-2934\" srcset=\"https:\/\/www.cdvoile06.fr\/wp-content\/uploads\/2023\/08\/IMG-20230306-WA0002-1024x768.jpg 1024w, https:\/\/www.cdvoile06.fr\/wp-content\/uploads\/2023\/08\/IMG-20230306-WA0002-300x225.jpg 300w, https:\/\/www.cdvoile06.fr\/wp-content\/uploads\/2023\/08\/IMG-20230306-WA0002-150x113.jpg 150w, https:\/\/www.cdvoile06.fr\/wp-content\/uploads\/2023\/08\/IMG-20230306-WA0002-768x576.jpg 768w, https:\/\/www.cdvoile06.fr\/wp-content\/uploads\/2023\/08\/IMG-20230306-WA0002-1536x1152.jpg 1536w, https:\/\/www.cdvoile06.fr\/wp-content\/uploads\/2023\/08\/IMG-20230306-WA0002.jpg 1600w\" sizes=\"auto, (max-width: 1024px) 100vw, 1024px\" \/><\/figure>\n<\/div>\n\n\n\n<div class=\"wp-block-column is-layout-flow wp-block-column-is-layout-flow\">\n<figure class=\"wp-block-image size-large\"><img loading=\"lazy\" decoding=\"async\" width=\"1024\" height=\"768\" src=\"https:\/\/www.cdvoile06.fr\/wp-content\/uploads\/2019\/10\/Maverick-1024x768.jpg\" alt=\"\" class=\"wp-image-1615\" srcset=\"https:\/\/www.cdvoile06.fr\/wp-content\/uploads\/2019\/10\/Maverick-1024x768.jpg 1024w, https:\/\/www.cdvoile06.fr\/wp-content\/uploads\/2019\/10\/Maverick-150x113.jpg 150w, https:\/\/www.cdvoile06.fr\/wp-content\/uploads\/2019\/10\/Maverick-300x225.jpg 300w, https:\/\/www.cdvoile06.fr\/wp-content\/uploads\/2019\/10\/Maverick-768x576.jpg 768w, https:\/\/www.cdvoile06.fr\/wp-content\/uploads\/2019\/10\/Maverick.jpg 1280w\" sizes=\"auto, (max-width: 1024px) 100vw, 1024px\" \/><\/figure>\n<\/div>\n\n\n\n<div class=\"wp-block-column is-layout-flow wp-block-column-is-layout-flow\">\n<figure class=\"wp-block-image size-full is-resized\"><img loading=\"lazy\" decoding=\"async\" width=\"600\" height=\"400\" src=\"https:\/\/www.cdvoile06.fr\/wp-content\/uploads\/2019\/10\/MatchRacing2012.jpg\" alt=\"\" class=\"wp-image-1617\" style=\"aspect-ratio:1.5;width:194px;height:auto\" srcset=\"https:\/\/www.cdvoile06.fr\/wp-content\/uploads\/2019\/10\/MatchRacing2012.jpg 600w, https:\/\/www.cdvoile06.fr\/wp-content\/uploads\/2019\/10\/MatchRacing2012-150x100.jpg 150w, https:\/\/www.cdvoile06.fr\/wp-content\/uploads\/2019\/10\/MatchRacing2012-300x200.jpg 300w\" sizes=\"auto, (max-width: 600px) 100vw, 600px\" \/><\/figure>\n<\/div>\n\n\n\n<div class=\"wp-block-column is-layout-flow wp-block-column-is-layout-flow\">\n<figure class=\"wp-block-image size-full is-resized\"><img loading=\"lazy\" decoding=\"async\" width=\"548\" height=\"589\" src=\"https:\/\/www.cdvoile06.fr\/wp-content\/uploads\/2023\/05\/VHF2.png\" alt=\"\" class=\"wp-image-2853\" style=\"aspect-ratio:4\/3;object-fit:cover;width:223px;height:auto\" srcset=\"https:\/\/www.cdvoile06.fr\/wp-content\/uploads\/2023\/05\/VHF2.png 548w, https:\/\/www.cdvoile06.fr\/wp-content\/uploads\/2023\/05\/VHF2-279x300.png 279w, https:\/\/www.cdvoile06.fr\/wp-content\/uploads\/2023\/05\/VHF2-140x150.png 140w\" sizes=\"auto, (max-width: 548px) 100vw, 548px\" \/><\/figure>\n<\/div>\n<\/div>\n\n\n\n<div class=\"wp-block-columns are-vertically-aligned-center is-layout-flex wp-container-core-columns-is-layout-28f84493 wp-block-columns-is-layout-flex\">\n<div class=\"wp-block-column is-vertically-aligned-center is-layout-flow wp-block-column-is-layout-flow\">\n<figure class=\"wp-block-image aligncenter size-full\"><img loading=\"lazy\" decoding=\"async\" width=\"200\" height=\"200\" src=\"https:\/\/www.cdvoile06.fr\/wp-content\/uploads\/2025\/08\/logo-CREPS-antibes-1.png\" alt=\"\" class=\"wp-image-3866\" srcset=\"https:\/\/www.cdvoile06.fr\/wp-content\/uploads\/2025\/08\/logo-CREPS-antibes-1.png 200w, https:\/\/www.cdvoile06.fr\/wp-content\/uploads\/2025\/08\/logo-CREPS-antibes-1-150x150.png 150w\" sizes=\"auto, (max-width: 200px) 100vw, 200px\" \/><\/figure>\n<\/div>\n\n\n\n<div class=\"wp-block-column is-vertically-aligned-center is-layout-flow wp-block-column-is-layout-flow\">\n<figure class=\"wp-block-image aligncenter size-large\"><img loading=\"lazy\" decoding=\"async\" width=\"1024\" height=\"184\" src=\"https:\/\/www.cdvoile06.fr\/wp-content\/uploads\/2017\/10\/departement06-logoinstit-q-n2-1024x184.jpg\" alt=\"\" class=\"wp-image-222\" srcset=\"https:\/\/www.cdvoile06.fr\/wp-content\/uploads\/2017\/10\/departement06-logoinstit-q-n2-1024x184.jpg 1024w, https:\/\/www.cdvoile06.fr\/wp-content\/uploads\/2017\/10\/departement06-logoinstit-q-n2-300x54.jpg 300w, https:\/\/www.cdvoile06.fr\/wp-content\/uploads\/2017\/10\/departement06-logoinstit-q-n2-768x138.jpg 768w, https:\/\/www.cdvoile06.fr\/wp-content\/uploads\/2017\/10\/departement06-logoinstit-q-n2.jpg 1220w\" sizes=\"auto, (max-width: 1024px) 100vw, 1024px\" \/><\/figure>\n<\/div>\n\n\n\n<div class=\"wp-block-column is-vertically-aligned-center is-layout-flow wp-block-column-is-layout-flow\">\n<figure class=\"wp-block-image aligncenter size-large is-resized\"><img loading=\"lazy\" decoding=\"async\" width=\"1024\" height=\"591\" src=\"https:\/\/www.cdvoile06.fr\/wp-content\/uploads\/2021\/02\/LOGO-2-QUADRI-1024x591.jpg\" alt=\"\" class=\"wp-image-2279\" style=\"aspect-ratio:1.7325707837733673;width:201px;height:auto\" srcset=\"https:\/\/www.cdvoile06.fr\/wp-content\/uploads\/2021\/02\/LOGO-2-QUADRI-1024x591.jpg 1024w, https:\/\/www.cdvoile06.fr\/wp-content\/uploads\/2021\/02\/LOGO-2-QUADRI-300x173.jpg 300w, https:\/\/www.cdvoile06.fr\/wp-content\/uploads\/2021\/02\/LOGO-2-QUADRI-150x87.jpg 150w, https:\/\/www.cdvoile06.fr\/wp-content\/uploads\/2021\/02\/LOGO-2-QUADRI-768x443.jpg 768w, https:\/\/www.cdvoile06.fr\/wp-content\/uploads\/2021\/02\/LOGO-2-QUADRI.jpg 1489w\" sizes=\"auto, (max-width: 1024px) 100vw, 1024px\" \/><\/figure>\n<\/div>\n<\/div>\n\n\n\n<div style=\"height:100px\" aria-hidden=\"true\" class=\"wp-block-spacer\"><\/div>\n\n\n\n<p>Avant la 1 \u00e8re mise \u00e0 disposition&nbsp;:&nbsp;il est imp\u00e9ratif de renvoyer au CD Voile 06 la&nbsp;<a href=\"https:\/\/www.cdvoile06.fr\/wp-content\/uploads\/2026\/01\/2026-01-00-CLUB-conv-pret-materiels.pdf\" target=\"_blank\" rel=\"noreferrer noopener\">CONVENTION 2026 DE MISE \u00c0 DISPOSITION DE MAT\u00c9RIELS<\/a> sign\u00e9e et tamponn\u00e9e par le Pr\u00e9sident de l\u2019association.<\/p>\n\n\n\n<div style=\"height:61px\" aria-hidden=\"true\" class=\"wp-block-spacer\"><\/div>\n\n\n\n<p class=\"has-text-align-center has-medium-font-size\"><a href=\"https:\/\/docs.google.com\/forms\/d\/e\/1FAIpQLSfevV659qZdTY-tXf80gbNpiDXfXZdxBwbOU45UHekBEvEXhQ\/viewform\" target=\"_blank\" rel=\"noreferrer noopener\">DEMANDE DE R\u00c9SERVATION<\/a><a href=\"https:\/\/docs.google.com\/forms\/d\/e\/1FAIpQLSdGJKWuQBTFt5dtYvbTsBEraZLCBIaHCi3-eCQQ-biCNZD-Dw\/viewform?usp=pp_url\" target=\"_blank\" rel=\"noreferrer noopener\"><\/a><\/p>\n\n\n\n<div style=\"height:61px\" aria-hidden=\"true\" class=\"wp-block-spacer\"><\/div>\n\n\n\n<p>Le CD Voile 06 peut mettre \u00e0 disposition <strong>des clubs de voile<\/strong> le mat\u00e9riel suivant :<\/p>\n\n\n\n<figure class=\"wp-block-table aligncenter is-style-stripes\"><table class=\"has-fixed-layout\"><thead><tr><th class=\"has-text-align-left\" data-align=\"left\"><\/th><th class=\"has-text-align-left\" data-align=\"left\"><strong>TARIFS 2026 <\/strong><br><strong>POUR LES CLUBS DU 06 AFFILIES FFV<\/strong><\/th><\/tr><\/thead><tbody><tr><td class=\"has-text-align-left\" data-align=\"left\"><strong>Pneumatique <\/strong><br><strong>avec ou sans remorque<\/strong><\/td><td class=\"has-text-align-left\" data-align=\"left\">56 \u20ac par jour (essence \u00e0 votre charge)<\/td><\/tr><tr><td class=\"has-text-align-left\" data-align=\"left\">Mi<strong>nibus<\/strong><\/td><td class=\"has-text-align-left\" data-align=\"left\">0,42 \u20ac \/ km pour des trajets &lt; 1000 kms<br>0.34 \u20ac \/ km pour des trajets &gt; 1000 kms <br>minimum de tarification 20\u20ac <br>(gasoil \u00e0 votre charge)<\/td><\/tr><tr><td class=\"has-text-align-left\" data-align=\"left\"><strong>Remorque<\/strong><\/td><td class=\"has-text-align-left\" data-align=\"left\">17 \u20ac par emprunt &nbsp;<br>pour un d\u00e9placement dans la Ligue Sud<br><br>17 \u20ac par jour <br>pour un d\u00e9placement hors Ligue Sud<\/td><\/tr><tr><td class=\"has-text-align-left\" data-align=\"left\"><strong>Voiliers 7.5 B\u00e9n\u00e9teau<\/strong><\/td><td class=\"has-text-align-left\" data-align=\"left\">61 \u20ac pour 3h30 d\u2019utilisation<br>122 \u20ac par journ\u00e9e d\u2019utilisation<\/td><\/tr><tr><td class=\"has-text-align-left\" data-align=\"left\"><strong>Bou\u00e9es g\u00e9ostationnaires<\/strong><\/td><td class=\"has-text-align-left\" data-align=\"left\">Par jour d&rsquo;utilisation :<br>1 bou\u00e9e : 79 \u20ac<br>2 bou\u00e9es : 158 \u20ac<br>3 bou\u00e9es : 231 \u20ac<br>4 bou\u00e9es : 305 \u20ac<br>5 bou\u00e9es : 368 \u20ac<\/td><\/tr><tr><td class=\"has-text-align-left\" data-align=\"left\"><strong>Pack de VHF<\/strong><\/td><td class=\"has-text-align-left\" data-align=\"left\">gratuit pour les manifestations<\/td><\/tr><\/tbody><\/table><\/figure>\n\n\n\n<p><\/p>\n","protected":false},"excerpt":{"rendered":"<p>Avant la 1 \u00e8re mise \u00e0 disposition&nbsp;:&nbsp;il est imp\u00e9ratif de renvoyer au CD Voile 06 la&nbsp;CONVENTION 2026 DE MISE \u00c0<\/p>\n","protected":false},"author":1,"featured_media":0,"parent":0,"menu_order":0,"comment_status":"closed","ping_status":"closed","template":"","meta":{"colormag_page_container_layout":"default_layout","colormag_page_sidebar_layout":"default_layout","jetpack_post_was_ever_published":false,"footnotes":""},"class_list":["post-1639","page","type-page","status-publish","hentry"],"yoast_head":"<!-- This site is optimized with the Yoast SEO plugin v27.5 - https:\/\/yoast.com\/product\/yoast-seo-wordpress\/ -->\n<title>R\u00c9SERVATION MAT\u00c9RIEL - Comit\u00e9 d\u00e9partemental de voile 06<\/title>\n<meta name=\"robots\" content=\"index, follow, max-snippet:-1, max-image-preview:large, max-video-preview:-1\" \/>\n<link rel=\"canonical\" href=\"https:\/\/www.cdvoile06.fr\/index.php\/reservation-materiel\/\" \/>\n<meta property=\"og:locale\" content=\"fr_FR\" \/>\n<meta property=\"og:type\" content=\"article\" \/>\n<meta property=\"og:title\" content=\"R\u00c9SERVATION MAT\u00c9RIEL - Comit\u00e9 d\u00e9partemental de voile 06\" \/>\n<meta property=\"og:description\" content=\"Avant la 1 \u00e8re mise \u00e0 disposition&nbsp;:&nbsp;il est imp\u00e9ratif de renvoyer au CD Voile 06 la&nbsp;CONVENTION 2026 DE MISE \u00c0\" \/>\n<meta property=\"og:url\" content=\"https:\/\/www.cdvoile06.fr\/index.php\/reservation-materiel\/\" \/>\n<meta property=\"og:site_name\" content=\"Comit\u00e9 d\u00e9partemental de voile 06\" \/>\n<meta property=\"article:publisher\" content=\"https:\/\/www.facebook.com\/cdvoile06\" \/>\n<meta property=\"article:modified_time\" content=\"2026-02-19T09:06:43+00:00\" \/>\n<meta property=\"og:image\" content=\"http:\/\/www.cdvoile06.fr\/wp-content\/uploads\/2023\/05\/IMG-20230427-WA0005.jpg\" \/>\n<meta name=\"twitter:card\" content=\"summary_large_image\" \/>\n<meta name=\"twitter:label1\" content=\"Dur\u00e9e de lecture estim\u00e9e\" \/>\n\t<meta name=\"twitter:data1\" content=\"3 minutes\" \/>\n<script type=\"application\/ld+json\" class=\"yoast-schema-graph\">{\"@context\":\"https:\\\/\\\/schema.org\",\"@graph\":[{\"@type\":\"WebPage\",\"@id\":\"https:\\\/\\\/www.cdvoile06.fr\\\/index.php\\\/reservation-materiel\\\/\",\"url\":\"https:\\\/\\\/www.cdvoile06.fr\\\/index.php\\\/reservation-materiel\\\/\",\"name\":\"R\u00c9SERVATION MAT\u00c9RIEL - Comit\u00e9 d\u00e9partemental de voile 06\",\"isPartOf\":{\"@id\":\"https:\\\/\\\/www.cdvoile06.fr\\\/#website\"},\"primaryImageOfPage\":{\"@id\":\"https:\\\/\\\/www.cdvoile06.fr\\\/index.php\\\/reservation-materiel\\\/#primaryimage\"},\"image\":{\"@id\":\"https:\\\/\\\/www.cdvoile06.fr\\\/index.php\\\/reservation-materiel\\\/#primaryimage\"},\"thumbnailUrl\":\"http:\\\/\\\/www.cdvoile06.fr\\\/wp-content\\\/uploads\\\/2023\\\/05\\\/IMG-20230427-WA0005.jpg\",\"datePublished\":\"2019-11-18T08:42:59+00:00\",\"dateModified\":\"2026-02-19T09:06:43+00:00\",\"breadcrumb\":{\"@id\":\"https:\\\/\\\/www.cdvoile06.fr\\\/index.php\\\/reservation-materiel\\\/#breadcrumb\"},\"inLanguage\":\"fr-FR\",\"potentialAction\":[{\"@type\":\"ReadAction\",\"target\":[\"https:\\\/\\\/www.cdvoile06.fr\\\/index.php\\\/reservation-materiel\\\/\"]}]},{\"@type\":\"ImageObject\",\"inLanguage\":\"fr-FR\",\"@id\":\"https:\\\/\\\/www.cdvoile06.fr\\\/index.php\\\/reservation-materiel\\\/#primaryimage\",\"url\":\"http:\\\/\\\/www.cdvoile06.fr\\\/wp-content\\\/uploads\\\/2023\\\/05\\\/IMG-20230427-WA0005.jpg\",\"contentUrl\":\"http:\\\/\\\/www.cdvoile06.fr\\\/wp-content\\\/uploads\\\/2023\\\/05\\\/IMG-20230427-WA0005.jpg\"},{\"@type\":\"BreadcrumbList\",\"@id\":\"https:\\\/\\\/www.cdvoile06.fr\\\/index.php\\\/reservation-materiel\\\/#breadcrumb\",\"itemListElement\":[{\"@type\":\"ListItem\",\"position\":1,\"name\":\"Accueil\",\"item\":\"https:\\\/\\\/www.cdvoile06.fr\\\/\"},{\"@type\":\"ListItem\",\"position\":2,\"name\":\"R\u00c9SERVATION MAT\u00c9RIEL\"}]},{\"@type\":\"WebSite\",\"@id\":\"https:\\\/\\\/www.cdvoile06.fr\\\/#website\",\"url\":\"https:\\\/\\\/www.cdvoile06.fr\\\/\",\"name\":\"Comit\u00e9 d\u00e9partemental de voile 06\",\"description\":\"Organe d\u00e9concentr\u00e9 de la F\u00e9d\u00e9ration Fran\u00e7aise de Voile\",\"publisher\":{\"@id\":\"https:\\\/\\\/www.cdvoile06.fr\\\/#organization\"},\"potentialAction\":[{\"@type\":\"SearchAction\",\"target\":{\"@type\":\"EntryPoint\",\"urlTemplate\":\"https:\\\/\\\/www.cdvoile06.fr\\\/?s={search_term_string}\"},\"query-input\":{\"@type\":\"PropertyValueSpecification\",\"valueRequired\":true,\"valueName\":\"search_term_string\"}}],\"inLanguage\":\"fr-FR\"},{\"@type\":\"Organization\",\"@id\":\"https:\\\/\\\/www.cdvoile06.fr\\\/#organization\",\"name\":\"Comit\u00e9 d\u00e9partemental de voile 06\",\"url\":\"https:\\\/\\\/www.cdvoile06.fr\\\/\",\"logo\":{\"@type\":\"ImageObject\",\"inLanguage\":\"fr-FR\",\"@id\":\"https:\\\/\\\/www.cdvoile06.fr\\\/#\\\/schema\\\/logo\\\/image\\\/\",\"url\":\"http:\\\/\\\/www.cdvoile06.fr\\\/wp-content\\\/uploads\\\/2020\\\/10\\\/cropped-logo150x150.png\",\"contentUrl\":\"http:\\\/\\\/www.cdvoile06.fr\\\/wp-content\\\/uploads\\\/2020\\\/10\\\/cropped-logo150x150.png\",\"width\":150,\"height\":150,\"caption\":\"Comit\u00e9 d\u00e9partemental de voile 06\"},\"image\":{\"@id\":\"https:\\\/\\\/www.cdvoile06.fr\\\/#\\\/schema\\\/logo\\\/image\\\/\"},\"sameAs\":[\"https:\\\/\\\/www.facebook.com\\\/cdvoile06\",\"https:\\\/\\\/www.instagram.com\\\/cdvoile06\\\/\"]}]}<\/script>\n<!-- \/ Yoast SEO plugin. -->","yoast_head_json":{"title":"R\u00c9SERVATION MAT\u00c9RIEL - Comit\u00e9 d\u00e9partemental de voile 06","robots":{"index":"index","follow":"follow","max-snippet":"max-snippet:-1","max-image-preview":"max-image-preview:large","max-video-preview":"max-video-preview:-1"},"canonical":"https:\/\/www.cdvoile06.fr\/index.php\/reservation-materiel\/","og_locale":"fr_FR","og_type":"article","og_title":"R\u00c9SERVATION MAT\u00c9RIEL - Comit\u00e9 d\u00e9partemental de voile 06","og_description":"Avant la 1 \u00e8re mise \u00e0 disposition&nbsp;:&nbsp;il est imp\u00e9ratif de renvoyer au CD Voile 06 la&nbsp;CONVENTION 2026 DE MISE \u00c0","og_url":"https:\/\/www.cdvoile06.fr\/index.php\/reservation-materiel\/","og_site_name":"Comit\u00e9 d\u00e9partemental de voile 06","article_publisher":"https:\/\/www.facebook.com\/cdvoile06","article_modified_time":"2026-02-19T09:06:43+00:00","og_image":[{"url":"http:\/\/www.cdvoile06.fr\/wp-content\/uploads\/2023\/05\/IMG-20230427-WA0005.jpg","type":"","width":"","height":""}],"twitter_card":"summary_large_image","twitter_misc":{"Dur\u00e9e de lecture estim\u00e9e":"3 minutes"},"schema":{"@context":"https:\/\/schema.org","@graph":[{"@type":"WebPage","@id":"https:\/\/www.cdvoile06.fr\/index.php\/reservation-materiel\/","url":"https:\/\/www.cdvoile06.fr\/index.php\/reservation-materiel\/","name":"R\u00c9SERVATION MAT\u00c9RIEL - Comit\u00e9 d\u00e9partemental de voile 06","isPartOf":{"@id":"https:\/\/www.cdvoile06.fr\/#website"},"primaryImageOfPage":{"@id":"https:\/\/www.cdvoile06.fr\/index.php\/reservation-materiel\/#primaryimage"},"image":{"@id":"https:\/\/www.cdvoile06.fr\/index.php\/reservation-materiel\/#primaryimage"},"thumbnailUrl":"http:\/\/www.cdvoile06.fr\/wp-content\/uploads\/2023\/05\/IMG-20230427-WA0005.jpg","datePublished":"2019-11-18T08:42:59+00:00","dateModified":"2026-02-19T09:06:43+00:00","breadcrumb":{"@id":"https:\/\/www.cdvoile06.fr\/index.php\/reservation-materiel\/#breadcrumb"},"inLanguage":"fr-FR","potentialAction":[{"@type":"ReadAction","target":["https:\/\/www.cdvoile06.fr\/index.php\/reservation-materiel\/"]}]},{"@type":"ImageObject","inLanguage":"fr-FR","@id":"https:\/\/www.cdvoile06.fr\/index.php\/reservation-materiel\/#primaryimage","url":"http:\/\/www.cdvoile06.fr\/wp-content\/uploads\/2023\/05\/IMG-20230427-WA0005.jpg","contentUrl":"http:\/\/www.cdvoile06.fr\/wp-content\/uploads\/2023\/05\/IMG-20230427-WA0005.jpg"},{"@type":"BreadcrumbList","@id":"https:\/\/www.cdvoile06.fr\/index.php\/reservation-materiel\/#breadcrumb","itemListElement":[{"@type":"ListItem","position":1,"name":"Accueil","item":"https:\/\/www.cdvoile06.fr\/"},{"@type":"ListItem","position":2,"name":"R\u00c9SERVATION MAT\u00c9RIEL"}]},{"@type":"WebSite","@id":"https:\/\/www.cdvoile06.fr\/#website","url":"https:\/\/www.cdvoile06.fr\/","name":"Comit\u00e9 d\u00e9partemental de voile 06","description":"Organe d\u00e9concentr\u00e9 de la F\u00e9d\u00e9ration Fran\u00e7aise de Voile","publisher":{"@id":"https:\/\/www.cdvoile06.fr\/#organization"},"potentialAction":[{"@type":"SearchAction","target":{"@type":"EntryPoint","urlTemplate":"https:\/\/www.cdvoile06.fr\/?s={search_term_string}"},"query-input":{"@type":"PropertyValueSpecification","valueRequired":true,"valueName":"search_term_string"}}],"inLanguage":"fr-FR"},{"@type":"Organization","@id":"https:\/\/www.cdvoile06.fr\/#organization","name":"Comit\u00e9 d\u00e9partemental de voile 06","url":"https:\/\/www.cdvoile06.fr\/","logo":{"@type":"ImageObject","inLanguage":"fr-FR","@id":"https:\/\/www.cdvoile06.fr\/#\/schema\/logo\/image\/","url":"http:\/\/www.cdvoile06.fr\/wp-content\/uploads\/2020\/10\/cropped-logo150x150.png","contentUrl":"http:\/\/www.cdvoile06.fr\/wp-content\/uploads\/2020\/10\/cropped-logo150x150.png","width":150,"height":150,"caption":"Comit\u00e9 d\u00e9partemental de voile 06"},"image":{"@id":"https:\/\/www.cdvoile06.fr\/#\/schema\/logo\/image\/"},"sameAs":["https:\/\/www.facebook.com\/cdvoile06","https:\/\/www.instagram.com\/cdvoile06\/"]}]}},"jetpack_sharing_enabled":true,"jetpack_shortlink":"https:\/\/wp.me\/P9K6Ix-qr","_links":{"self":[{"href":"https:\/\/www.cdvoile06.fr\/index.php\/wp-json\/wp\/v2\/pages\/1639","targetHints":{"allow":["GET"]}}],"collection":[{"href":"https:\/\/www.cdvoile06.fr\/index.php\/wp-json\/wp\/v2\/pages"}],"about":[{"href":"https:\/\/www.cdvoile06.fr\/index.php\/wp-json\/wp\/v2\/types\/page"}],"author":[{"embeddable":true,"href":"https:\/\/www.cdvoile06.fr\/index.php\/wp-json\/wp\/v2\/users\/1"}],"replies":[{"embeddable":true,"href":"https:\/\/www.cdvoile06.fr\/index.php\/wp-json\/wp\/v2\/comments?post=1639"}],"version-history":[{"count":96,"href":"https:\/\/www.cdvoile06.fr\/index.php\/wp-json\/wp\/v2\/pages\/1639\/revisions"}],"predecessor-version":[{"id":4174,"href":"https:\/\/www.cdvoile06.fr\/index.php\/wp-json\/wp\/v2\/pages\/1639\/revisions\/4174"}],"wp:attachment":[{"href":"https:\/\/www.cdvoile06.fr\/index.php\/wp-json\/wp\/v2\/media?parent=1639"}],"curies":[{"name":"wp","href":"https:\/\/api.w.org\/{rel}","templated":true}]}}