{"id":134,"date":"2017-10-31T10:46:03","date_gmt":"2017-10-31T09:46:03","guid":{"rendered":"https:\/\/cdvoile06.wordpress.com\/?page_id=134"},"modified":"2026-03-02T08:37:52","modified_gmt":"2026-03-02T07:37:52","slug":"cmve2026","status":"publish","type":"page","link":"https:\/\/www.cdvoile06.fr\/index.php\/cmve2026\/","title":{"rendered":"CHALLENGE M\u00c9DITERRAN\u00c9E VOILE ENTREPRISE 2026"},"content":{"rendered":"\n<div style=\"height:47px\" aria-hidden=\"true\" class=\"wp-block-spacer\"><\/div>\n\n\n\n<p id=\"block-10237b39-40e7-4cb7-9a1e-f213ba8c2aaf\"><\/p>\n\n\n\n<div class=\"wp-block-columns is-layout-flex wp-container-core-columns-is-layout-28f84493 wp-block-columns-is-layout-flex\">\n<div class=\"wp-block-column is-layout-flow wp-block-column-is-layout-flow\" style=\"flex-basis:50%\">\n<figure class=\"wp-block-image size-large\"><img loading=\"lazy\" decoding=\"async\" width=\"724\" height=\"1024\" src=\"https:\/\/www.cdvoile06.fr\/wp-content\/uploads\/2025\/10\/2026-Affiche-CMVE-724x1024.jpg\" alt=\"\" class=\"wp-image-3942\" srcset=\"https:\/\/www.cdvoile06.fr\/wp-content\/uploads\/2025\/10\/2026-Affiche-CMVE-724x1024.jpg 724w, https:\/\/www.cdvoile06.fr\/wp-content\/uploads\/2025\/10\/2026-Affiche-CMVE-212x300.jpg 212w, https:\/\/www.cdvoile06.fr\/wp-content\/uploads\/2025\/10\/2026-Affiche-CMVE-106x150.jpg 106w, https:\/\/www.cdvoile06.fr\/wp-content\/uploads\/2025\/10\/2026-Affiche-CMVE-768x1086.jpg 768w, https:\/\/www.cdvoile06.fr\/wp-content\/uploads\/2025\/10\/2026-Affiche-CMVE-1086x1536.jpg 1086w, https:\/\/www.cdvoile06.fr\/wp-content\/uploads\/2025\/10\/2026-Affiche-CMVE.jpg 1123w\" sizes=\"auto, (max-width: 724px) 100vw, 724px\" \/><\/figure>\n<\/div>\n\n\n\n<div class=\"wp-block-column is-layout-flow wp-block-column-is-layout-flow\" style=\"flex-basis:50%\">\n<p>En 2026, le CD Voile 06 organisera la 6\u00e8me \u00e9dition du Challenge M\u00e9diterran\u00e9e Voile Entreprise 06 (CMVE 06) qui d\u00e9signera le champion de l&rsquo;ann\u00e9e.<\/p>\n\n\n\n<p>Le CMVE 06 qualifiera l&rsquo;\u00e9quipage vainqueur pour le Championnat de France Habitable Entreprise du 24 au 27 septembre 2026 au Deauville YC.<\/p>\n\n\n\n<p><strong><a href=\"https:\/\/www.cdvoile06.fr\/wp-content\/uploads\/2025\/10\/2026-reglement_CMVE06-1.pdf\" target=\"_blank\" rel=\"noreferrer noopener\">R\u00c8GLEMENT<\/a><\/strong><\/p>\n\n\n\n<p><strong><a href=\"https:\/\/www.cdvoile06.fr\/wp-content\/uploads\/2025\/10\/2026-fiche_inscription_CMVE_06.doc\" target=\"_blank\" rel=\"noreferrer noopener\">FICHE D&rsquo;INSCRIPTION<\/a><\/strong><\/p>\n\n\n\n<p><strong><em>Inscriptions et paiement<\/em><\/strong> : aupr\u00e8s du CD Voile 06 <\/p>\n\n\n\n<p><strong>Tarifs :<\/strong> 263 \u20ac pour un \u00e9quipage de 4 ou 5 personnes<\/p>\n\n\n\n<p><strong><em>Demande de renseignements :<\/em><\/strong> 04 93 14 13 87 &#8211; contact@cdvoile06.fr<\/p>\n\n\n\n<p><strong>CALENDRIER 2026 :<\/strong><\/p>\n\n\n\n<figure class=\"wp-block-table is-style-stripes\"><table><thead><tr><th class=\"has-text-align-center\" data-align=\"center\">samedi <br>10 janvier 2026<\/th><th class=\"has-text-align-center\" data-align=\"center\">samedi<br>28 mars 2026<\/th><th class=\"has-text-align-center\" data-align=\"center\">samedi <br>09 mai 2026<\/th><\/tr><\/thead><tbody><tr><td class=\"has-text-align-center\" data-align=\"center\">CMVE 06<br>\u00c9tape 1<\/td><td class=\"has-text-align-center\" data-align=\"center\">CMVE 06<br>\u00c9tape 2<\/td><td class=\"has-text-align-center\" data-align=\"center\">CMVE 06<br>\u00c9tape 3<\/td><\/tr><\/tbody><tfoot><tr><td class=\"has-text-align-center\" data-align=\"center\"><a href=\"https:\/\/www.helloasso.com\/associations\/comite-departemental-de-voile-des-alpes-maritimes\/evenements\/entrainement-10-01-2026-pour-les-entreprises-et-clubs-de-voile-06\" target=\"_blank\" rel=\"noreferrer noopener\">Inscriptions<\/a><\/td><td class=\"has-text-align-center\" data-align=\"center\"><a href=\"https:\/\/www.helloasso.com\/associations\/comite-departemental-de-voile-des-alpes-maritimes\/evenements\/entrainement-28-03-2026-pour-les-entreprises-et-clubs-de-voile-06\" target=\"_blank\" rel=\"noreferrer noopener\">Inscriptions<\/a><\/td><td class=\"has-text-align-center\" data-align=\"center\"><a href=\"https:\/\/www.helloasso.com\/associations\/comite-departemental-de-voile-des-alpes-maritimes\/evenements\/entrainement-09-05-2026-pour-les-entreprises-et-clubs-de-voile-06\" target=\"_blank\" rel=\"noreferrer noopener\">Inscriptions<\/a><\/td><\/tr><\/tfoot><\/table><\/figure>\n<\/div>\n<\/div>\n\n\n\n<p id=\"block-10237b39-40e7-4cb7-9a1e-f213ba8c2aaf\"><\/p>\n\n\n\n<figure class=\"wp-block-image aligncenter size-full\"><img decoding=\"async\" src=\"https:\/\/www.cdvoile06.fr\/wp-content\/uploads\/2025\/08\/logo-CREPS-antibes.png\" alt=\"\" class=\"wp-image-3855\"\/><\/figure>\n","protected":false},"excerpt":{"rendered":"<p>En 2026, le CD Voile 06 organisera la 6\u00e8me \u00e9dition du Challenge M\u00e9diterran\u00e9e Voile Entreprise 06 (CMVE 06) qui d\u00e9signera<\/p>\n","protected":false},"author":1,"featured_media":0,"parent":0,"menu_order":0,"comment_status":"closed","ping_status":"closed","template":"","meta":{"colormag_page_container_layout":"default_layout","colormag_page_sidebar_layout":"default_layout","jetpack_post_was_ever_published":true,"footnotes":""},"class_list":["post-134","page","type-page","status-publish","hentry"],"yoast_head":"<!-- This site is optimized with the Yoast SEO plugin v27.5 - https:\/\/yoast.com\/product\/yoast-seo-wordpress\/ -->\n<title>CHALLENGE M\u00c9DITERRAN\u00c9E VOILE ENTREPRISE 2026 - Comit\u00e9 d\u00e9partemental de voile 06<\/title>\n<meta name=\"robots\" content=\"index, follow, max-snippet:-1, max-image-preview:large, max-video-preview:-1\" \/>\n<link rel=\"canonical\" href=\"https:\/\/www.cdvoile06.fr\/index.php\/cmve2026\/\" \/>\n<meta property=\"og:locale\" content=\"fr_FR\" \/>\n<meta property=\"og:type\" content=\"article\" \/>\n<meta property=\"og:title\" content=\"CHALLENGE M\u00c9DITERRAN\u00c9E VOILE ENTREPRISE 2026 - Comit\u00e9 d\u00e9partemental de voile 06\" \/>\n<meta property=\"og:description\" content=\"En 2026, le CD Voile 06 organisera la 6\u00e8me \u00e9dition du Challenge M\u00e9diterran\u00e9e Voile Entreprise 06 (CMVE 06) qui d\u00e9signera\" \/>\n<meta property=\"og:url\" content=\"https:\/\/www.cdvoile06.fr\/index.php\/cmve2026\/\" \/>\n<meta property=\"og:site_name\" content=\"Comit\u00e9 d\u00e9partemental de voile 06\" \/>\n<meta property=\"article:publisher\" content=\"https:\/\/www.facebook.com\/cdvoile06\" \/>\n<meta property=\"article:modified_time\" content=\"2026-03-02T07:37:52+00:00\" \/>\n<meta property=\"og:image\" content=\"https:\/\/www.cdvoile06.fr\/wp-content\/uploads\/2025\/10\/2026-Affiche-CMVE.jpg\" \/>\n\t<meta property=\"og:image:width\" content=\"1123\" \/>\n\t<meta property=\"og:image:height\" content=\"1588\" \/>\n\t<meta property=\"og:image:type\" content=\"image\/jpeg\" \/>\n<meta name=\"twitter:card\" content=\"summary_large_image\" \/>\n<meta name=\"twitter:label1\" content=\"Dur\u00e9e de lecture estim\u00e9e\" \/>\n\t<meta name=\"twitter:data1\" content=\"1 minute\" \/>\n<script type=\"application\/ld+json\" class=\"yoast-schema-graph\">{\"@context\":\"https:\\\/\\\/schema.org\",\"@graph\":[{\"@type\":\"WebPage\",\"@id\":\"https:\\\/\\\/www.cdvoile06.fr\\\/index.php\\\/cmve2026\\\/\",\"url\":\"https:\\\/\\\/www.cdvoile06.fr\\\/index.php\\\/cmve2026\\\/\",\"name\":\"CHALLENGE M\u00c9DITERRAN\u00c9E VOILE ENTREPRISE 2026 - Comit\u00e9 d\u00e9partemental de voile 06\",\"isPartOf\":{\"@id\":\"https:\\\/\\\/www.cdvoile06.fr\\\/#website\"},\"primaryImageOfPage\":{\"@id\":\"https:\\\/\\\/www.cdvoile06.fr\\\/index.php\\\/cmve2026\\\/#primaryimage\"},\"image\":{\"@id\":\"https:\\\/\\\/www.cdvoile06.fr\\\/index.php\\\/cmve2026\\\/#primaryimage\"},\"thumbnailUrl\":\"https:\\\/\\\/www.cdvoile06.fr\\\/wp-content\\\/uploads\\\/2025\\\/10\\\/2026-Affiche-CMVE-724x1024.jpg\",\"datePublished\":\"2017-10-31T09:46:03+00:00\",\"dateModified\":\"2026-03-02T07:37:52+00:00\",\"breadcrumb\":{\"@id\":\"https:\\\/\\\/www.cdvoile06.fr\\\/index.php\\\/cmve2026\\\/#breadcrumb\"},\"inLanguage\":\"fr-FR\",\"potentialAction\":[{\"@type\":\"ReadAction\",\"target\":[\"https:\\\/\\\/www.cdvoile06.fr\\\/index.php\\\/cmve2026\\\/\"]}]},{\"@type\":\"ImageObject\",\"inLanguage\":\"fr-FR\",\"@id\":\"https:\\\/\\\/www.cdvoile06.fr\\\/index.php\\\/cmve2026\\\/#primaryimage\",\"url\":\"https:\\\/\\\/www.cdvoile06.fr\\\/wp-content\\\/uploads\\\/2025\\\/10\\\/2026-Affiche-CMVE.jpg\",\"contentUrl\":\"https:\\\/\\\/www.cdvoile06.fr\\\/wp-content\\\/uploads\\\/2025\\\/10\\\/2026-Affiche-CMVE.jpg\",\"width\":1123,\"height\":1588},{\"@type\":\"BreadcrumbList\",\"@id\":\"https:\\\/\\\/www.cdvoile06.fr\\\/index.php\\\/cmve2026\\\/#breadcrumb\",\"itemListElement\":[{\"@type\":\"ListItem\",\"position\":1,\"name\":\"Accueil\",\"item\":\"https:\\\/\\\/www.cdvoile06.fr\\\/\"},{\"@type\":\"ListItem\",\"position\":2,\"name\":\"CHALLENGE M\u00c9DITERRAN\u00c9E VOILE ENTREPRISE 2026\"}]},{\"@type\":\"WebSite\",\"@id\":\"https:\\\/\\\/www.cdvoile06.fr\\\/#website\",\"url\":\"https:\\\/\\\/www.cdvoile06.fr\\\/\",\"name\":\"Comit\u00e9 d\u00e9partemental de voile 06\",\"description\":\"Organe d\u00e9concentr\u00e9 de la F\u00e9d\u00e9ration Fran\u00e7aise de Voile\",\"publisher\":{\"@id\":\"https:\\\/\\\/www.cdvoile06.fr\\\/#organization\"},\"potentialAction\":[{\"@type\":\"SearchAction\",\"target\":{\"@type\":\"EntryPoint\",\"urlTemplate\":\"https:\\\/\\\/www.cdvoile06.fr\\\/?s={search_term_string}\"},\"query-input\":{\"@type\":\"PropertyValueSpecification\",\"valueRequired\":true,\"valueName\":\"search_term_string\"}}],\"inLanguage\":\"fr-FR\"},{\"@type\":\"Organization\",\"@id\":\"https:\\\/\\\/www.cdvoile06.fr\\\/#organization\",\"name\":\"Comit\u00e9 d\u00e9partemental de voile 06\",\"url\":\"https:\\\/\\\/www.cdvoile06.fr\\\/\",\"logo\":{\"@type\":\"ImageObject\",\"inLanguage\":\"fr-FR\",\"@id\":\"https:\\\/\\\/www.cdvoile06.fr\\\/#\\\/schema\\\/logo\\\/image\\\/\",\"url\":\"http:\\\/\\\/www.cdvoile06.fr\\\/wp-content\\\/uploads\\\/2020\\\/10\\\/cropped-logo150x150.png\",\"contentUrl\":\"http:\\\/\\\/www.cdvoile06.fr\\\/wp-content\\\/uploads\\\/2020\\\/10\\\/cropped-logo150x150.png\",\"width\":150,\"height\":150,\"caption\":\"Comit\u00e9 d\u00e9partemental de voile 06\"},\"image\":{\"@id\":\"https:\\\/\\\/www.cdvoile06.fr\\\/#\\\/schema\\\/logo\\\/image\\\/\"},\"sameAs\":[\"https:\\\/\\\/www.facebook.com\\\/cdvoile06\",\"https:\\\/\\\/www.instagram.com\\\/cdvoile06\\\/\"]}]}<\/script>\n<!-- \/ Yoast SEO plugin. -->","yoast_head_json":{"title":"CHALLENGE M\u00c9DITERRAN\u00c9E VOILE ENTREPRISE 2026 - Comit\u00e9 d\u00e9partemental de voile 06","robots":{"index":"index","follow":"follow","max-snippet":"max-snippet:-1","max-image-preview":"max-image-preview:large","max-video-preview":"max-video-preview:-1"},"canonical":"https:\/\/www.cdvoile06.fr\/index.php\/cmve2026\/","og_locale":"fr_FR","og_type":"article","og_title":"CHALLENGE M\u00c9DITERRAN\u00c9E VOILE ENTREPRISE 2026 - Comit\u00e9 d\u00e9partemental de voile 06","og_description":"En 2026, le CD Voile 06 organisera la 6\u00e8me \u00e9dition du Challenge M\u00e9diterran\u00e9e Voile Entreprise 06 (CMVE 06) qui d\u00e9signera","og_url":"https:\/\/www.cdvoile06.fr\/index.php\/cmve2026\/","og_site_name":"Comit\u00e9 d\u00e9partemental de voile 06","article_publisher":"https:\/\/www.facebook.com\/cdvoile06","article_modified_time":"2026-03-02T07:37:52+00:00","og_image":[{"width":1123,"height":1588,"url":"https:\/\/www.cdvoile06.fr\/wp-content\/uploads\/2025\/10\/2026-Affiche-CMVE.jpg","type":"image\/jpeg"}],"twitter_card":"summary_large_image","twitter_misc":{"Dur\u00e9e de lecture estim\u00e9e":"1 minute"},"schema":{"@context":"https:\/\/schema.org","@graph":[{"@type":"WebPage","@id":"https:\/\/www.cdvoile06.fr\/index.php\/cmve2026\/","url":"https:\/\/www.cdvoile06.fr\/index.php\/cmve2026\/","name":"CHALLENGE M\u00c9DITERRAN\u00c9E VOILE ENTREPRISE 2026 - Comit\u00e9 d\u00e9partemental de voile 06","isPartOf":{"@id":"https:\/\/www.cdvoile06.fr\/#website"},"primaryImageOfPage":{"@id":"https:\/\/www.cdvoile06.fr\/index.php\/cmve2026\/#primaryimage"},"image":{"@id":"https:\/\/www.cdvoile06.fr\/index.php\/cmve2026\/#primaryimage"},"thumbnailUrl":"https:\/\/www.cdvoile06.fr\/wp-content\/uploads\/2025\/10\/2026-Affiche-CMVE-724x1024.jpg","datePublished":"2017-10-31T09:46:03+00:00","dateModified":"2026-03-02T07:37:52+00:00","breadcrumb":{"@id":"https:\/\/www.cdvoile06.fr\/index.php\/cmve2026\/#breadcrumb"},"inLanguage":"fr-FR","potentialAction":[{"@type":"ReadAction","target":["https:\/\/www.cdvoile06.fr\/index.php\/cmve2026\/"]}]},{"@type":"ImageObject","inLanguage":"fr-FR","@id":"https:\/\/www.cdvoile06.fr\/index.php\/cmve2026\/#primaryimage","url":"https:\/\/www.cdvoile06.fr\/wp-content\/uploads\/2025\/10\/2026-Affiche-CMVE.jpg","contentUrl":"https:\/\/www.cdvoile06.fr\/wp-content\/uploads\/2025\/10\/2026-Affiche-CMVE.jpg","width":1123,"height":1588},{"@type":"BreadcrumbList","@id":"https:\/\/www.cdvoile06.fr\/index.php\/cmve2026\/#breadcrumb","itemListElement":[{"@type":"ListItem","position":1,"name":"Accueil","item":"https:\/\/www.cdvoile06.fr\/"},{"@type":"ListItem","position":2,"name":"CHALLENGE M\u00c9DITERRAN\u00c9E VOILE ENTREPRISE 2026"}]},{"@type":"WebSite","@id":"https:\/\/www.cdvoile06.fr\/#website","url":"https:\/\/www.cdvoile06.fr\/","name":"Comit\u00e9 d\u00e9partemental de voile 06","description":"Organe d\u00e9concentr\u00e9 de la F\u00e9d\u00e9ration Fran\u00e7aise de Voile","publisher":{"@id":"https:\/\/www.cdvoile06.fr\/#organization"},"potentialAction":[{"@type":"SearchAction","target":{"@type":"EntryPoint","urlTemplate":"https:\/\/www.cdvoile06.fr\/?s={search_term_string}"},"query-input":{"@type":"PropertyValueSpecification","valueRequired":true,"valueName":"search_term_string"}}],"inLanguage":"fr-FR"},{"@type":"Organization","@id":"https:\/\/www.cdvoile06.fr\/#organization","name":"Comit\u00e9 d\u00e9partemental de voile 06","url":"https:\/\/www.cdvoile06.fr\/","logo":{"@type":"ImageObject","inLanguage":"fr-FR","@id":"https:\/\/www.cdvoile06.fr\/#\/schema\/logo\/image\/","url":"http:\/\/www.cdvoile06.fr\/wp-content\/uploads\/2020\/10\/cropped-logo150x150.png","contentUrl":"http:\/\/www.cdvoile06.fr\/wp-content\/uploads\/2020\/10\/cropped-logo150x150.png","width":150,"height":150,"caption":"Comit\u00e9 d\u00e9partemental de voile 06"},"image":{"@id":"https:\/\/www.cdvoile06.fr\/#\/schema\/logo\/image\/"},"sameAs":["https:\/\/www.facebook.com\/cdvoile06","https:\/\/www.instagram.com\/cdvoile06\/"]}]}},"jetpack_sharing_enabled":false,"jetpack_shortlink":"https:\/\/wp.me\/P9K6Ix-2a","_links":{"self":[{"href":"https:\/\/www.cdvoile06.fr\/index.php\/wp-json\/wp\/v2\/pages\/134","targetHints":{"allow":["GET"]}}],"collection":[{"href":"https:\/\/www.cdvoile06.fr\/index.php\/wp-json\/wp\/v2\/pages"}],"about":[{"href":"https:\/\/www.cdvoile06.fr\/index.php\/wp-json\/wp\/v2\/types\/page"}],"author":[{"embeddable":true,"href":"https:\/\/www.cdvoile06.fr\/index.php\/wp-json\/wp\/v2\/users\/1"}],"replies":[{"embeddable":true,"href":"https:\/\/www.cdvoile06.fr\/index.php\/wp-json\/wp\/v2\/comments?post=134"}],"version-history":[{"count":153,"href":"https:\/\/www.cdvoile06.fr\/index.php\/wp-json\/wp\/v2\/pages\/134\/revisions"}],"predecessor-version":[{"id":4198,"href":"https:\/\/www.cdvoile06.fr\/index.php\/wp-json\/wp\/v2\/pages\/134\/revisions\/4198"}],"wp:attachment":[{"href":"https:\/\/www.cdvoile06.fr\/index.php\/wp-json\/wp\/v2\/media?parent=134"}],"curies":[{"name":"wp","href":"https:\/\/api.w.org\/{rel}","templated":true}]}}